{"id":1322,"date":"2026-03-17T09:38:45","date_gmt":"2026-03-17T07:38:45","guid":{"rendered":"https:\/\/sandymercadal.com\/?page_id=1322"},"modified":"2026-03-17T09:38:45","modified_gmt":"2026-03-17T07:38:45","slug":"dolor-de-rodilla","status":"publish","type":"page","link":"https:\/\/sandymercadal.com\/es\/dolor-de-rodilla\/","title":{"rendered":"Dolor de rodilla"},"content":{"rendered":"<div id=\"about\" data-vc-full-width=\"true\" data-vc-full-width-init=\"false\" class=\"vc_row wpb_row vc_row-fluid vc_custom_1605707989383 vc_row-has-fill bg-image-ps-inherit\"><div class=\"wpb_column vc_column_container vc_col-sm-12 vc_hidden-md vc_hidden-sm vc_hidden-xs\"><div class=\"vc_column-inner vc_custom_1608620137930\"><div class=\"wpb_wrapper\"><div id=\"ct-heading\" class=\"ct-heading align-center align-center-md align-center-sm align-center-xs \">\n            <style type=\"text\/css\">\n            @media (min-width: 991px) and (max-width: 1200px) {\n                #ct-heading .ct-heading-tag {\n                                            font-size: 36px !important;\n                                                        }\n            }\n        <\/style>\n    \n            <style type=\"text\/css\">\n            @media (min-width: 768px) and (max-width: 991px) {\n                #ct-heading .ct-heading-tag {\n                                            font-size: 32px !important;\n                                                        }\n            }\n        <\/style>\n    \n            <style type=\"text\/css\">\n            @media screen and (max-width: 767px) {\n                #ct-heading .ct-heading-tag {\n                                            font-size: 32px !important;\n                                                        }\n            }\n        <\/style>\n                <span class=\"ct-text-below\">\u00bfQui\u00e9n soy?<\/span>\n            <h3 class=\"ct-heading-tag \" >\n                                    \u00bfQui\u00e9n soy?                                        <\/h3>\n            <div class=\"h-gap\"><i ><\/i><\/div>\n                <div class=\"ct-heading-desc\" >Un poco sobre mi historia...<\/div>\n    <\/div><div class=\"vc_empty_space\"   style=\"height: 36px\"><span class=\"vc_empty_space_inner\"><\/span><\/div><div class=\"vc_row wpb_row vc_inner vc_row-fluid vc_custom_1605034367459\"><div class=\"wpb_column vc_column_container vc_col-sm-6\"><div class=\"vc_column-inner\"><div class=\"wpb_wrapper\">\n    <div id=\"ct-banner\" class=\"ct-banner-layout1    wpb_animate_when_almost_visible wpb_fadeInLeft fadeInLeft\">\n        <div class=\"ct-banner-inner\">\n            <div class=\"ct-banner-image\">   \n                <img decoding=\"async\" src=\"https:\/\/sandymercadal.com\/wp-content\/uploads\/2024\/08\/IMG_6262.jpg\" \/>\n            <\/div>\n        <\/div>\n    <\/div>\n<div id=\"ct-space-69f5f94ae4b54\">\n\t<style type=\"text\/css\">\n\t\t\t\t\t\t\t\t\t\t\t@media screen and (max-width: 767px) {\n\t\t\t\t#ct-space-69f5f94ae4b54 .ct-space {\n\t\t\t\t\theight: 45px;\n\t\t\t\t}\n\t\t\t}\n\t\t\t<\/style>\n\t<div class=\"ct-space\"><\/div>\n<\/div><\/div><\/div><\/div><div class=\"wpb_column vc_column_container vc_col-sm-6\"><div class=\"vc_column-inner\"><div class=\"wpb_wrapper\"><div id=\"ct-heading-2\" class=\"ct-heading align-left align-left-md align-left-sm align-left-xs \">\n            <style type=\"text\/css\">\n            @media (min-width: 991px) and (max-width: 1200px) {\n                #ct-heading-2 .ct-heading-tag {\n                                            font-size: 36px !important;\n                                                        }\n            }\n        <\/style>\n    \n            <style type=\"text\/css\">\n            @media (min-width: 768px) and (max-width: 991px) {\n                #ct-heading-2 .ct-heading-tag {\n                                            font-size: 32px !important;\n                                                        }\n            }\n        <\/style>\n    \n            <style type=\"text\/css\">\n            @media screen and (max-width: 767px) {\n                #ct-heading-2 .ct-heading-tag {\n                                            font-size: 32px !important;\n                                                        }\n            }\n        <\/style>\n                <h3 class=\"ct-heading-tag \" >\n                                    El deporte en las venas                                        <\/h3>\n            <div class=\"h-gap\"><i ><\/i><\/div>\n                <div class=\"ct-heading-desc\" >Desde que me pude apuntar a actividades extra escolares he practicado deporte.<\/p>\n<p>Fue despu\u00e9s de una intervenci\u00f3n quir\u00fargica en las manos cuando mis padres decidieron introducirme en el mundo del tenis.<\/p>\n<p>Alcanc\u00e9 un buen nivel y en mi preadolescencia cambi\u00e9 la raqueta por el futbol.<\/div>\n    <\/div><\/div><\/div><\/div><\/div><div class=\"vc_row wpb_row vc_inner vc_row-fluid vc_custom_1605034367459\"><div class=\"wpb_column vc_column_container vc_col-sm-6\"><div class=\"vc_column-inner\"><div class=\"wpb_wrapper\"><div id=\"ct-heading-3\" class=\"ct-heading align-left align-left-md align-left-sm align-left-xs \">\n            <style type=\"text\/css\">\n            @media (min-width: 991px) and (max-width: 1200px) {\n                #ct-heading-3 .ct-heading-tag {\n                                            font-size: 36px !important;\n                                                        }\n            }\n        <\/style>\n    \n            <style type=\"text\/css\">\n            @media (min-width: 768px) and (max-width: 991px) {\n                #ct-heading-3 .ct-heading-tag {\n                                            font-size: 32px !important;\n                                                        }\n            }\n        <\/style>\n    \n            <style type=\"text\/css\">\n            @media screen and (max-width: 767px) {\n                #ct-heading-3 .ct-heading-tag {\n                                            font-size: 32px !important;\n                                                        }\n            }\n        <\/style>\n                <h3 class=\"ct-heading-tag \" >\n                                    Construyendo las bases                                        <\/h3>\n            <div class=\"h-gap\"><i ><\/i><\/div>\n                <div class=\"ct-heading-desc\" >Fue en esta etapa en la que descubr\u00ed, inspirado por un profesor de educaci\u00f3n f\u00edsica, que se pod\u00eda vivir del deporte sin ser un atleta profesional.<\/p>\n<p>Mi camino era claro. Estudi\u00e9 el bachillerato de ciencias de la salud y curs\u00e9 la el Graduado Universitario de Ciencias del Deporte.<\/p>\n<p>Aqu\u00ed establec\u00ed la base de mis conocimientos en biomec\u00e1nica y fisiolog\u00eda del ejercicio.<\/div>\n    <\/div><\/div><\/div><\/div><div class=\"wpb_column vc_column_container vc_col-sm-6\"><div class=\"vc_column-inner\"><div class=\"wpb_wrapper\"><div id=\"ct-space-69f5f94ae764d\">\n\t<style type=\"text\/css\">\n\t\t\t\t\t\t\t\t\t\t\t@media screen and (max-width: 767px) {\n\t\t\t\t#ct-space-69f5f94ae764d .ct-space {\n\t\t\t\t\theight: 45px;\n\t\t\t\t}\n\t\t\t}\n\t\t\t<\/style>\n\t<div class=\"ct-space\"><\/div>\n<\/div>\n    <div id=\"ct-banner-2\" class=\"ct-banner-layout1    wpb_animate_when_almost_visible wpb_fadeInLeft fadeInLeft\">\n        <div class=\"ct-banner-inner\">\n            <div class=\"ct-banner-image\">   \n                <img decoding=\"async\" src=\"https:\/\/sandymercadal.com\/wp-content\/uploads\/2020\/12\/Captura-de-pantalla-2020-12-19-a-las-15.17.31.png\" \/>\n            <\/div>\n        <\/div>\n    <\/div>\n<\/div><\/div><\/div><\/div><div class=\"vc_row wpb_row vc_inner vc_row-fluid vc_custom_1605034367459\"><div class=\"wpb_column vc_column_container vc_col-sm-6\"><div class=\"vc_column-inner\"><div class=\"wpb_wrapper\">\n    <div id=\"ct-banner-3\" class=\"ct-banner-layout1    wpb_animate_when_almost_visible wpb_fadeInLeft fadeInLeft\">\n        <div class=\"ct-banner-inner\">\n            <div class=\"ct-banner-image\">   \n                <img decoding=\"async\" src=\"https:\/\/sandymercadal.com\/wp-content\/uploads\/2020\/12\/Captura-de-pantalla-2020-07-13-21.05.31-min.jpg\" \/>\n            <\/div>\n        <\/div>\n    <\/div>\n<div id=\"ct-space-69f5f94aea33f\">\n\t<style type=\"text\/css\">\n\t\t\t\t\t\t\t\t\t\t\t@media screen and (max-width: 767px) {\n\t\t\t\t#ct-space-69f5f94aea33f .ct-space {\n\t\t\t\t\theight: 45px;\n\t\t\t\t}\n\t\t\t}\n\t\t\t<\/style>\n\t<div class=\"ct-space\"><\/div>\n<\/div><\/div><\/div><\/div><div class=\"wpb_column vc_column_container vc_col-sm-6\"><div class=\"vc_column-inner\"><div class=\"wpb_wrapper\"><div id=\"ct-heading-4\" class=\"ct-heading align-left align-left-md align-left-sm align-left-xs \">\n            <style type=\"text\/css\">\n            @media (min-width: 991px) and (max-width: 1200px) {\n                #ct-heading-4 .ct-heading-tag {\n                                            font-size: 36px !important;\n                                                        }\n            }\n        <\/style>\n    \n            <style type=\"text\/css\">\n            @media (min-width: 768px) and (max-width: 991px) {\n                #ct-heading-4 .ct-heading-tag {\n                                            font-size: 32px !important;\n                                                        }\n            }\n        <\/style>\n    \n            <style type=\"text\/css\">\n            @media screen and (max-width: 767px) {\n                #ct-heading-4 .ct-heading-tag {\n                                            font-size: 32px !important;\n                                                        }\n            }\n        <\/style>\n                <h3 class=\"ct-heading-tag \" >\n                                    Profesional Novel                                        <\/h3>\n            <div class=\"h-gap\"><i ><\/i><\/div>\n                <div class=\"ct-heading-desc\" >Cuando acab\u00e9 enseguida empec\u00e9 a trabajar en un gimnasio donde m\u00e1s que un entrenador me sent\u00eda como un comercial al que vender productos.<\/p>\n<p>No hab\u00eda estudiado para eso. Quer\u00eda conseguir algo m\u00e1s y profundizar m\u00e1s en mis <b>conocimientos<\/b>.<\/p>\n<p>Decid\u00ed dedicar mis esfuerzos a <b>crecer<\/b> como entrenador personal. As\u00ed que para ser m\u00e1s completo pens\u00e9 que era necesario conocer m\u00e1s acerca de las lesiones.<\/p>\n<p>Por lo que curs\u00e9 el <b>Master en Readaptaci\u00f3n de lesiones<\/b>.<\/div>\n    <\/div><\/div><\/div><\/div><\/div><div class=\"vc_row wpb_row vc_inner vc_row-fluid vc_custom_1605034367459\"><div class=\"wpb_column vc_column_container vc_col-sm-6\"><div class=\"vc_column-inner\"><div class=\"wpb_wrapper\"><div id=\"ct-heading-5\" class=\"ct-heading align-left align-left-md align-left-sm align-left-xs \">\n            <style type=\"text\/css\">\n            @media (min-width: 991px) and (max-width: 1200px) {\n                #ct-heading-5 .ct-heading-tag {\n                                            font-size: 36px !important;\n                                                        }\n            }\n        <\/style>\n    \n            <style type=\"text\/css\">\n            @media (min-width: 768px) and (max-width: 991px) {\n                #ct-heading-5 .ct-heading-tag {\n                                            font-size: 32px !important;\n                                                        }\n            }\n        <\/style>\n    \n            <style type=\"text\/css\">\n            @media screen and (max-width: 767px) {\n                #ct-heading-5 .ct-heading-tag {\n                                            font-size: 32px !important;\n                                                        }\n            }\n        <\/style>\n                <h3 class=\"ct-heading-tag \" >\n                                    Sandy 2.0                                        <\/h3>\n            <div class=\"h-gap\"><i ><\/i><\/div>\n                <div class=\"ct-heading-desc\" >A pesar de aumentar mis conocimientos, las aportaciones eran todav\u00eda muy generales.<\/p>\n<p>Segu\u00eda buscando ese algo que me hiciera diferente. Eso que daba un plus al movimiento humano.<\/p>\n<p>Gracias a los cursos realizados en AMN Academy y Z-Health Performance descubr\u00ed c\u00f3mo acceder al ordenador central y desde all\u00ed abrir todas las cerraduras del cuerpo humano. El sistema nervioso.<\/div>\n    <\/div><\/div><\/div><\/div><div class=\"wpb_column vc_column_container vc_col-sm-6\"><div class=\"vc_column-inner\"><div class=\"wpb_wrapper\"><div id=\"ct-space-69f5f94aecdb0\">\n\t<style type=\"text\/css\">\n\t\t\t\t\t\t\t\t\t\t\t@media screen and (max-width: 767px) {\n\t\t\t\t#ct-space-69f5f94aecdb0 .ct-space {\n\t\t\t\t\theight: 45px;\n\t\t\t\t}\n\t\t\t}\n\t\t\t<\/style>\n\t<div class=\"ct-space\"><\/div>\n<\/div>\n    <div id=\"ct-banner-4\" class=\"ct-banner-layout1    wpb_animate_when_almost_visible wpb_fadeInLeft fadeInLeft\">\n        <div class=\"ct-banner-inner\">\n            <div class=\"ct-banner-image\">   \n                <img decoding=\"async\" src=\"https:\/\/sandymercadal.com\/wp-content\/uploads\/2024\/08\/Z-Health_logocomplete_horizontal_black_rgb.png\" \/>\n            <\/div>\n        <\/div>\n    <\/div>\n<\/div><\/div><\/div><\/div><div class=\"vc_empty_space\"   style=\"height: 72px\"><span class=\"vc_empty_space_inner\"><\/span><\/div><\/div><\/div><\/div><\/div><div class=\"vc_row-full-width vc_clearfix\"><\/div><div id=\"about\" data-vc-full-width=\"true\" data-vc-full-width-init=\"false\" class=\"vc_row wpb_row vc_row-fluid vc_custom_1608620129236 vc_row-has-fill bg-image-ps-inherit\"><div class=\"wpb_column vc_column_container vc_col-sm-12 vc_hidden-lg\"><div class=\"vc_column-inner vc_custom_1608620151682\"><div class=\"wpb_wrapper\"><div id=\"ct-heading-6\" class=\"ct-heading align-center align-center-md align-center-sm align-center-xs \">\n            <style type=\"text\/css\">\n            @media (min-width: 991px) and (max-width: 1200px) {\n                #ct-heading-6 .ct-heading-tag {\n                                            font-size: 36px !important;\n                                                        }\n            }\n        <\/style>\n    \n            <style type=\"text\/css\">\n            @media (min-width: 768px) and (max-width: 991px) {\n                #ct-heading-6 .ct-heading-tag {\n                                            font-size: 32px !important;\n                                                        }\n            }\n        <\/style>\n    \n            <style type=\"text\/css\">\n            @media screen and (max-width: 767px) {\n                #ct-heading-6 .ct-heading-tag {\n                                            font-size: 32px !important;\n                                                        }\n            }\n        <\/style>\n                <span class=\"ct-text-below\">\u00bfQui\u00e9n soy?<\/span>\n            <h3 class=\"ct-heading-tag \" >\n                                    \u00bfQui\u00e9n soy?                                        <\/h3>\n            <div class=\"h-gap\"><i ><\/i><\/div>\n                <div class=\"ct-heading-desc\" >Un poco sobre mi historia...<\/div>\n    <\/div><div class=\"vc_empty_space\"   style=\"height: 36px\"><span class=\"vc_empty_space_inner\"><\/span><\/div><div class=\"vc_row wpb_row vc_inner vc_row-fluid vc_custom_1605034367459\"><div class=\"wpb_column vc_column_container vc_col-sm-6\"><div class=\"vc_column-inner\"><div class=\"wpb_wrapper\"><div id=\"ct-heading-7\" class=\"ct-heading align-left align-left-md align-left-sm align-left-xs \">\n            <style type=\"text\/css\">\n            @media (min-width: 991px) and (max-width: 1200px) {\n                #ct-heading-7 .ct-heading-tag {\n                                            font-size: 36px !important;\n                                                        }\n            }\n        <\/style>\n    \n            <style type=\"text\/css\">\n            @media (min-width: 768px) and (max-width: 991px) {\n                #ct-heading-7 .ct-heading-tag {\n                                            font-size: 32px !important;\n                                                        }\n            }\n        <\/style>\n    \n            <style type=\"text\/css\">\n            @media screen and (max-width: 767px) {\n                #ct-heading-7 .ct-heading-tag {\n                                            font-size: 32px !important;\n                                                        }\n            }\n        <\/style>\n                <h3 class=\"ct-heading-tag \" >\n                                    El deporte en las venas                                        <\/h3>\n            <div class=\"h-gap\"><i ><\/i><\/div>\n                <div class=\"ct-heading-desc\" >Desde que me pude apuntar a actividades extra escolares he practicado deporte.<\/p>\n<p>Fue despu\u00e9s de una intervenci\u00f3n quir\u00fargica en las manos cuando mis padres decidieron introducirme en el mundo del tenis.<\/p>\n<p>Alcanc\u00e9 un buen nivel y en mi preadolescencia cambi\u00e9 la raqueta por el futbol.<\/div>\n    <\/div><\/div><\/div><\/div><div class=\"wpb_column vc_column_container vc_col-sm-6\"><div class=\"vc_column-inner\"><div class=\"wpb_wrapper\"><div id=\"ct-space-69f5f94af1288\">\n\t<style type=\"text\/css\">\n\t\t\t\t\t\t\t\t\t\t\t@media screen and (max-width: 767px) {\n\t\t\t\t#ct-space-69f5f94af1288 .ct-space {\n\t\t\t\t\theight: 45px;\n\t\t\t\t}\n\t\t\t}\n\t\t\t<\/style>\n\t<div class=\"ct-space\"><\/div>\n<\/div>\n    <div id=\"ct-banner-5\" class=\"ct-banner-layout1    wpb_animate_when_almost_visible wpb_fadeInLeft fadeInLeft\">\n        <div class=\"ct-banner-inner\">\n            <div class=\"ct-banner-image\">   \n                <img decoding=\"async\" src=\"https:\/\/sandymercadal.com\/wp-content\/uploads\/2020\/12\/Captura-de-pantalla-2020-12-19-a-las-15.21.45.png\" \/>\n            <\/div>\n        <\/div>\n    <\/div>\n<\/div><\/div><\/div><\/div><div class=\"vc_row wpb_row vc_inner vc_row-fluid vc_custom_1605034367459\"><div class=\"wpb_column vc_column_container vc_col-sm-6\"><div class=\"vc_column-inner\"><div class=\"wpb_wrapper\"><div id=\"ct-heading-8\" class=\"ct-heading align-left align-left-md align-left-sm align-left-xs \">\n            <style type=\"text\/css\">\n            @media (min-width: 991px) and (max-width: 1200px) {\n                #ct-heading-8 .ct-heading-tag {\n                                            font-size: 36px !important;\n                                                        }\n            }\n        <\/style>\n    \n            <style type=\"text\/css\">\n            @media (min-width: 768px) and (max-width: 991px) {\n                #ct-heading-8 .ct-heading-tag {\n                                            font-size: 32px !important;\n                                                        }\n            }\n        <\/style>\n    \n            <style type=\"text\/css\">\n            @media screen and (max-width: 767px) {\n                #ct-heading-8 .ct-heading-tag {\n                                            font-size: 32px !important;\n                                                        }\n            }\n        <\/style>\n                <h3 class=\"ct-heading-tag \" >\n                                    Construyendo las bases                                        <\/h3>\n            <div class=\"h-gap\"><i ><\/i><\/div>\n                <div class=\"ct-heading-desc\" >Fue en esta etapa en la que descubr\u00ed, inspirado por un profesor de educaci\u00f3n f\u00edsica, que se pod\u00eda vivir del deporte sin ser un atleta profesional.<\/p>\n<p>Mi camino era claro. Estudi\u00e9 el bachillerato de ciencias de la salud y curs\u00e9 la el Graduado Universitario de Ciencias del Deporte.<\/p>\n<p>Aqu\u00ed establec\u00ed la base de mis conocimientos en biomec\u00e1nica y fisiolog\u00eda del ejercicio.<\/div>\n    <\/div><\/div><\/div><\/div><div class=\"wpb_column vc_column_container vc_col-sm-6\"><div class=\"vc_column-inner\"><div class=\"wpb_wrapper\"><div id=\"ct-space-69f5f94af3f0d\">\n\t<style type=\"text\/css\">\n\t\t\t\t\t\t\t\t\t\t\t@media screen and (max-width: 767px) {\n\t\t\t\t#ct-space-69f5f94af3f0d .ct-space {\n\t\t\t\t\theight: 45px;\n\t\t\t\t}\n\t\t\t}\n\t\t\t<\/style>\n\t<div class=\"ct-space\"><\/div>\n<\/div>\n    <div id=\"ct-banner-6\" class=\"ct-banner-layout1    wpb_animate_when_almost_visible wpb_fadeInLeft fadeInLeft\">\n        <div class=\"ct-banner-inner\">\n            <div class=\"ct-banner-image\">   \n                <img decoding=\"async\" src=\"https:\/\/sandymercadal.com\/wp-content\/uploads\/2020\/12\/Captura-de-pantalla-2020-12-19-a-las-15.17.31.png\" \/>\n            <\/div>\n        <\/div>\n    <\/div>\n<\/div><\/div><\/div><\/div><div class=\"vc_row wpb_row vc_inner vc_row-fluid vc_custom_1605034367459\"><div class=\"wpb_column vc_column_container vc_col-sm-6\"><div class=\"vc_column-inner\"><div class=\"wpb_wrapper\"><div id=\"ct-heading-9\" class=\"ct-heading align-left align-left-md align-left-sm align-left-xs \">\n            <style type=\"text\/css\">\n            @media (min-width: 991px) and (max-width: 1200px) {\n                #ct-heading-9 .ct-heading-tag {\n                                            font-size: 36px !important;\n                                                        }\n            }\n        <\/style>\n    \n            <style type=\"text\/css\">\n            @media (min-width: 768px) and (max-width: 991px) {\n                #ct-heading-9 .ct-heading-tag {\n                                            font-size: 32px !important;\n                                                        }\n            }\n        <\/style>\n    \n            <style type=\"text\/css\">\n            @media screen and (max-width: 767px) {\n                #ct-heading-9 .ct-heading-tag {\n                                            font-size: 32px !important;\n                                                        }\n            }\n        <\/style>\n                <h3 class=\"ct-heading-tag \" >\n                                    Profesional Novel                                        <\/h3>\n            <div class=\"h-gap\"><i ><\/i><\/div>\n                <div class=\"ct-heading-desc\" >Cuando acab\u00e9 enseguida empec\u00e9 a trabajar en un gimnasio donde m\u00e1s que un entrenador me sent\u00eda como un comercial al que vender productos.<\/p>\n<p>No hab\u00eda estudiado para eso. Quer\u00eda conseguir algo m\u00e1s y profundizar m\u00e1s en mis conocimientos.<\/p>\n<p>Decid\u00ed dedicar mis esfuerzos a crecer como entrenador personal. As\u00ed que para ser m\u00e1s completo pens\u00e9 que era necesario conocer m\u00e1s acerca de las lesiones.<\/p>\n<p>Por lo que curs\u00e9 el Master en Readaptaci\u00f3n de lesiones.<\/div>\n    <\/div><\/div><\/div><\/div><div class=\"wpb_column vc_column_container vc_col-sm-6\"><div class=\"vc_column-inner\"><div class=\"wpb_wrapper\"><div id=\"ct-space-69f5f94b026fb\">\n\t<style type=\"text\/css\">\n\t\t\t\t\t\t\t\t\t\t\t@media screen and (max-width: 767px) {\n\t\t\t\t#ct-space-69f5f94b026fb .ct-space {\n\t\t\t\t\theight: 45px;\n\t\t\t\t}\n\t\t\t}\n\t\t\t<\/style>\n\t<div class=\"ct-space\"><\/div>\n<\/div>\n    <div id=\"ct-banner-7\" class=\"ct-banner-layout1    wpb_animate_when_almost_visible wpb_fadeInLeft fadeInLeft\">\n        <div class=\"ct-banner-inner\">\n            <div class=\"ct-banner-image\">   \n                <img decoding=\"async\" src=\"https:\/\/sandymercadal.com\/wp-content\/uploads\/2020\/12\/Captura-de-pantalla-2020-07-13-21.05.31-min.jpg\" \/>\n            <\/div>\n        <\/div>\n    <\/div>\n<\/div><\/div><\/div><\/div><div class=\"vc_row wpb_row vc_inner vc_row-fluid vc_custom_1605034367459\"><div class=\"wpb_column vc_column_container vc_col-sm-6\"><div class=\"vc_column-inner\"><div class=\"wpb_wrapper\"><div id=\"ct-heading-10\" class=\"ct-heading align-left align-left-md align-left-sm align-left-xs \">\n            <style type=\"text\/css\">\n            @media (min-width: 991px) and (max-width: 1200px) {\n                #ct-heading-10 .ct-heading-tag {\n                                            font-size: 36px !important;\n                                                        }\n            }\n        <\/style>\n    \n            <style type=\"text\/css\">\n            @media (min-width: 768px) and (max-width: 991px) {\n                #ct-heading-10 .ct-heading-tag {\n                                            font-size: 32px !important;\n                                                        }\n            }\n        <\/style>\n    \n            <style type=\"text\/css\">\n            @media screen and (max-width: 767px) {\n                #ct-heading-10 .ct-heading-tag {\n                                            font-size: 32px !important;\n                                                        }\n            }\n        <\/style>\n                <h3 class=\"ct-heading-tag \" >\n                                    Sandy 2.0                                        <\/h3>\n            <div class=\"h-gap\"><i ><\/i><\/div>\n                <div class=\"ct-heading-desc\" >A pesar de aumentar mis conocimientos, las aportaciones eran todav\u00eda muy generales.<\/p>\n<p>Segu\u00eda buscando ese algo que me hiciera diferente. Eso que daba un plus al movimiento humano.<\/p>\n<p>Gracias a los cursos realizados en AMN Academy y Z-Health Performance descubr\u00ed c\u00f3mo acceder al ordenador central y desde all\u00ed abrir todas las cerraduras del cuerpo humano. El sistema nervioso.<\/div>\n    <\/div><\/div><\/div><\/div><div class=\"wpb_column vc_column_container vc_col-sm-6\"><div class=\"vc_column-inner\"><div class=\"wpb_wrapper\"><div id=\"ct-space-69f5f94b05c1d\">\n\t<style type=\"text\/css\">\n\t\t\t\t\t\t\t\t\t\t\t@media screen and (max-width: 767px) {\n\t\t\t\t#ct-space-69f5f94b05c1d .ct-space {\n\t\t\t\t\theight: 45px;\n\t\t\t\t}\n\t\t\t}\n\t\t\t<\/style>\n\t<div class=\"ct-space\"><\/div>\n<\/div>\n    <div id=\"ct-banner-8\" class=\"ct-banner-layout1    wpb_animate_when_almost_visible wpb_fadeInLeft fadeInLeft\">\n        <div class=\"ct-banner-inner\">\n            <div class=\"ct-banner-image\">   \n                <img decoding=\"async\" src=\"https:\/\/sandymercadal.com\/wp-content\/uploads\/2020\/12\/IMG_5920-min.jpeg\" \/>\n            <\/div>\n        <\/div>\n    <\/div>\n<\/div><\/div><\/div><\/div><div class=\"vc_empty_space\"   style=\"height: 72px\"><span class=\"vc_empty_space_inner\"><\/span><\/div><\/div><\/div><\/div><\/div><div class=\"vc_row-full-width vc_clearfix\"><\/div><div id=\"citas\" class=\"vc_row wpb_row vc_row-fluid bg-image-ps-inherit\"><div class=\"wpb_column vc_column_container vc_col-sm-12\"><div class=\"vc_column-inner vc_custom_1541610546387\"><div class=\"wpb_wrapper\"><div class=\"vc_row wpb_row vc_inner vc_row-fluid\"><div class=\"wpb_column vc_column_container vc_col-sm-3\"><div class=\"vc_column-inner\"><div class=\"wpb_wrapper\"><\/div><\/div><\/div><div class=\"wpb_column vc_column_container vc_col-sm-6 vc_col-lg-6 vc_col-md-6 rm-padding-lg\"><div class=\"vc_column-inner vc_custom_1540440548838\"><div class=\"wpb_wrapper\"><div id=\"ct-heading-11\" class=\"ct-heading align-center align-center-md align-center-sm align-center-xs \">\n            <style type=\"text\/css\">\n            @media (min-width: 991px) and (max-width: 1200px) {\n                #ct-heading-11 .ct-heading-tag {\n                                            font-size: 36px !important;\n                                                        }\n            }\n        <\/style>\n    \n            <style type=\"text\/css\">\n            @media (min-width: 768px) and (max-width: 991px) {\n                #ct-heading-11 .ct-heading-tag {\n                                            font-size: 32px !important;\n                                                        }\n            }\n        <\/style>\n    \n            <style type=\"text\/css\">\n            @media screen and (max-width: 767px) {\n                #ct-heading-11 .ct-heading-tag {\n                                            font-size: 32px !important;\n                                                        }\n            }\n        <\/style>\n                    <div class=\"ct-heading-sub style1\" >\n            <span ><\/span>\n            Nadine Gordimer        <\/div>\n        <h3 class=\"ct-heading-tag \" >\n                                    <cite>\u201cEl hombre es el \u00fanico animal con capacidad de observarse a s\u00ed mismo y que ha sido dotado de la dolorosa capacidad de haber querido siempre saber el porqu\u00e9\u201d<\/cite>                                        <\/h3>\n        <\/div><\/div><\/div><\/div><div class=\"wpb_column vc_column_container vc_col-sm-3\"><div class=\"vc_column-inner\"><div class=\"wpb_wrapper\"><\/div><\/div><\/div><\/div><div class=\"vc_empty_space\"   style=\"height: 72px\"><span class=\"vc_empty_space_inner\"><\/span><\/div><\/div><\/div><\/div><\/div><div data-vc-full-width=\"true\" data-vc-full-width-init=\"false\" class=\"vc_row wpb_row vc_row-fluid vc_custom_1605707845051 vc_row-has-fill bg-image-ps-inherit\"><div class=\"wpb_column vc_column_container vc_col-sm-12\"><div class=\"vc_column-inner vc_custom_1539747466925\"><div class=\"wpb_wrapper\"><div class=\"vc_row wpb_row vc_inner vc_row-fluid vc_custom_1605034367459\"><div class=\"wpb_column vc_column_container vc_col-sm-6\"><div class=\"vc_column-inner\"><div class=\"wpb_wrapper\">\n    <div id=\"ct-banner-9\" class=\"ct-banner-layout1    wpb_animate_when_almost_visible wpb_fadeInLeft fadeInLeft\">\n        <div class=\"ct-banner-inner\">\n            <div class=\"ct-banner-image\">   \n                <img decoding=\"async\" src=\"https:\/\/sandymercadal.com\/wp-content\/uploads\/2020\/11\/sandy-learning.jpg\" \/>\n            <\/div>\n        <\/div>\n    <\/div>\n<div id=\"ct-space-69f5f94b0b7f7\">\n\t<style type=\"text\/css\">\n\t\t\t\t\t\t\t\t\t\t\t@media screen and (max-width: 767px) {\n\t\t\t\t#ct-space-69f5f94b0b7f7 .ct-space {\n\t\t\t\t\theight: 45px;\n\t\t\t\t}\n\t\t\t}\n\t\t\t<\/style>\n\t<div class=\"ct-space\"><\/div>\n<\/div><\/div><\/div><\/div><div class=\"wpb_column vc_column_container vc_col-sm-6\"><div class=\"vc_column-inner\"><div class=\"wpb_wrapper\"><div id=\"ct-heading-12\" class=\"ct-heading align-left align-left-md align-left-sm align-left-xs \">\n            <style type=\"text\/css\">\n            @media (min-width: 991px) and (max-width: 1200px) {\n                #ct-heading-12 .ct-heading-tag {\n                                            font-size: 36px !important;\n                                                        }\n            }\n        <\/style>\n    \n            <style type=\"text\/css\">\n            @media (min-width: 768px) and (max-width: 991px) {\n                #ct-heading-12 .ct-heading-tag {\n                                            font-size: 32px !important;\n                                                        }\n            }\n        <\/style>\n    \n            <style type=\"text\/css\">\n            @media screen and (max-width: 767px) {\n                #ct-heading-12 .ct-heading-tag {\n                                            font-size: 32px !important;\n                                                        }\n            }\n        <\/style>\n                <h3 class=\"ct-heading-tag \" >\n                                    Actualizaciones diarias                                        <\/h3>\n            <div class=\"h-gap\"><i ><\/i><\/div>\n                <div class=\"ct-heading-desc\" >Ahora s\u00ed hab\u00eda encontrado el camino. Un camino que te lleva inevitablemente a una madriguera donde cada paso te lleva por infinitos caminos m\u00e1s.<\/p>\n<p>Aunque parezca abrumador, es un mundo fascinante del que cada d\u00eda aprendo un poco m\u00e1s.<\/div>\n    <\/div><\/div><\/div><\/div><\/div><div class=\"vc_empty_space\"   style=\"height: 72px\"><span class=\"vc_empty_space_inner\"><\/span><\/div><\/div><\/div><\/div><\/div><div class=\"vc_row-full-width vc_clearfix\"><\/div><div data-vc-full-width=\"true\" data-vc-full-width-init=\"false\" class=\"vc_row wpb_row vc_row-fluid bg-image-ps-inherit\"><div class=\"wpb_column vc_column_container vc_col-sm-12\"><div class=\"vc_column-inner vc_custom_1541610546387\"><div class=\"wpb_wrapper\"><div class=\"vc_row wpb_row vc_inner vc_row-fluid\"><div class=\"wpb_column vc_column_container vc_col-sm-3\"><div class=\"vc_column-inner\"><div class=\"wpb_wrapper\"><\/div><\/div><\/div><div class=\"wpb_column vc_column_container vc_col-sm-6 vc_col-lg-6 vc_col-md-6 rm-padding-lg\"><div class=\"vc_column-inner vc_custom_1540440548838\"><div class=\"wpb_wrapper\"><div id=\"ct-heading-13\" class=\"ct-heading align-center align-center-md align-center-sm align-center-xs \">\n            <style type=\"text\/css\">\n            @media (min-width: 991px) and (max-width: 1200px) {\n                #ct-heading-13 .ct-heading-tag {\n                                            font-size: 36px !important;\n                                                        }\n            }\n        <\/style>\n    \n            <style type=\"text\/css\">\n            @media (min-width: 768px) and (max-width: 991px) {\n                #ct-heading-13 .ct-heading-tag {\n                                            font-size: 32px !important;\n                                                        }\n            }\n        <\/style>\n    \n            <style type=\"text\/css\">\n            @media screen and (max-width: 767px) {\n                #ct-heading-13 .ct-heading-tag {\n                                            font-size: 32px !important;\n                                                        }\n            }\n        <\/style>\n                    <div class=\"ct-heading-sub style1\" >\n            <span ><\/span>\n            Remy de Gourmont        <\/div>\n        <h3 class=\"ct-heading-tag \" >\n                                    <cite>\u201cSaber lo que todo el mundo conoce es como no saber nada. El saber comienza all\u00ed donde el mundo comienza a ignorar. Asimismo, la verdadera ciencia est\u00e1 m\u00e1s all\u00e1 de la llamada ciencia\u201d<\/cite>                                        <\/h3>\n        <\/div><\/div><\/div><\/div><div class=\"wpb_column vc_column_container vc_col-sm-3\"><div class=\"vc_column-inner\"><div class=\"wpb_wrapper\"><\/div><\/div><\/div><\/div><div class=\"vc_empty_space\"   style=\"height: 72px\"><span class=\"vc_empty_space_inner\"><\/span><\/div><\/div><\/div><\/div><\/div><div class=\"vc_row-full-width vc_clearfix\"><\/div><div data-vc-full-width=\"true\" data-vc-full-width-init=\"false\" class=\"vc_row wpb_row vc_row-fluid vc_custom_1605707871167 vc_row-has-fill bg-image-ps-inherit\"><div class=\"wpb_column vc_column_container vc_col-sm-12\"><div class=\"vc_column-inner vc_custom_1539747466925\"><div class=\"wpb_wrapper\"><div class=\"vc_row wpb_row vc_inner vc_row-fluid vc_custom_1605034367459\"><div class=\"wpb_column vc_column_container vc_col-sm-6\"><div class=\"vc_column-inner\"><div class=\"wpb_wrapper\"><div id=\"ct-heading-14\" class=\"ct-heading align-left align-left-md align-left-sm align-left-xs \">\n            <style type=\"text\/css\">\n            @media (min-width: 991px) and (max-width: 1200px) {\n                #ct-heading-14 .ct-heading-tag {\n                                            font-size: 36px !important;\n                                                        }\n            }\n        <\/style>\n    \n            <style type=\"text\/css\">\n            @media (min-width: 768px) and (max-width: 991px) {\n                #ct-heading-14 .ct-heading-tag {\n                                            font-size: 32px !important;\n                                                        }\n            }\n        <\/style>\n    \n            <style type=\"text\/css\">\n            @media screen and (max-width: 767px) {\n                #ct-heading-14 .ct-heading-tag {\n                                            font-size: 32px !important;\n                                                        }\n            }\n        <\/style>\n                <h3 class=\"ct-heading-tag \" >\n                                    Sandy 5G. Llegar a todos                                        <\/h3>\n            <div class=\"h-gap\"><i ><\/i><\/div>\n                <div class=\"ct-heading-desc\" >Mi gran obst\u00e1culo es la cultura que se ha creado alrededor del ejercicio. Como si fuera algo est\u00e1tico que todos deben hacer de la misma manera. Con este enfoque biomec\u00e1nico se centra en un punto muy concreto de todo el dibujo. La imagen es mucho m\u00e1s grande y el neurotraining te la ense\u00f1a.<\/p>\n<p>Es un mundo tan fascinante que tengo la ilusi\u00f3n de transmitir aquello que voy aprendiendo, tanto a mis compa\u00f1eros de profesi\u00f3n como aquellos que conf\u00edan en m\u00ed para que les entrene. <\/p>\n<p>El objetivo es juntar lo mejor de ambos mundos, para conseguir sacar lo mejor de cada individuo.<\/div>\n    <\/div><\/div><\/div><\/div><div class=\"wpb_column vc_column_container vc_col-sm-6\"><div class=\"vc_column-inner\"><div class=\"wpb_wrapper\"><div id=\"ct-space-69f5f94b10ef0\">\n\t<style type=\"text\/css\">\n\t\t\t\t\t\t\t\t\t\t\t@media screen and (max-width: 767px) {\n\t\t\t\t#ct-space-69f5f94b10ef0 .ct-space {\n\t\t\t\t\theight: 45px;\n\t\t\t\t}\n\t\t\t}\n\t\t\t<\/style>\n\t<div class=\"ct-space\"><\/div>\n<\/div>\n    <div id=\"ct-banner-10\" class=\"ct-banner-layout1    wpb_animate_when_almost_visible wpb_fadeInLeft fadeInLeft\">\n        <div class=\"ct-banner-inner\">\n            <div class=\"ct-banner-image\">   \n                <img decoding=\"async\" src=\"https:\/\/sandymercadal.com\/wp-content\/uploads\/2024\/07\/IMG_6250.png\" \/>\n            <\/div>\n        <\/div>\n    <\/div>\n<\/div><\/div><\/div><\/div><div class=\"vc_empty_space\"   style=\"height: 72px\"><span class=\"vc_empty_space_inner\"><\/span><\/div><\/div><\/div><\/div><\/div><div class=\"vc_row-full-width vc_clearfix\"><\/div><div class=\"vc_row wpb_row vc_row-fluid bg-image-ps-inherit\"><div class=\"wpb_column vc_column_container vc_col-sm-12\"><div class=\"vc_column-inner vc_custom_1541610546387\"><div class=\"wpb_wrapper\"><div class=\"vc_row wpb_row vc_inner vc_row-fluid\"><div class=\"wpb_column vc_column_container vc_col-sm-3\"><div class=\"vc_column-inner\"><div class=\"wpb_wrapper\"><\/div><\/div><\/div><div class=\"wpb_column vc_column_container vc_col-sm-6 vc_col-lg-6 vc_col-md-6 rm-padding-lg\"><div class=\"vc_column-inner vc_custom_1540440548838\"><div class=\"wpb_wrapper\"><div id=\"ct-heading-15\" class=\"ct-heading align-center align-center-md align-center-sm align-center-xs \">\n            <style type=\"text\/css\">\n            @media (min-width: 991px) and (max-width: 1200px) {\n                #ct-heading-15 .ct-heading-tag {\n                                            font-size: 36px !important;\n                                                        }\n            }\n        <\/style>\n    \n            <style type=\"text\/css\">\n            @media (min-width: 768px) and (max-width: 991px) {\n                #ct-heading-15 .ct-heading-tag {\n                                            font-size: 32px !important;\n                                                        }\n            }\n        <\/style>\n    \n            <style type=\"text\/css\">\n            @media screen and (max-width: 767px) {\n                #ct-heading-15 .ct-heading-tag {\n                                            font-size: 32px !important;\n                                                        }\n            }\n        <\/style>\n                <h3 class=\"ct-heading-tag \" >\n                                    <cite>\u201cThe body will become better at whatever you do, or don\u2019t do. If you don\u2019t move, your body will make you better at not moving. If you move, your body will allow more movement\u201d<\/cite>                                        <\/h3>\n        <\/div><\/div><\/div><\/div><div class=\"wpb_column vc_column_container vc_col-sm-3\"><div class=\"vc_column-inner\"><div class=\"wpb_wrapper\"><\/div><\/div><\/div><\/div><div class=\"vc_empty_space\"   style=\"height: 72px\"><span class=\"vc_empty_space_inner\"><\/span><\/div><\/div><\/div><\/div><\/div><div id=\"contact\" data-vc-full-width=\"true\" data-vc-full-width-init=\"false\" class=\"vc_row wpb_row vc_row-fluid vc_custom_1605092018959 vc_row-has-fill bg-image-ps-inherit\"><div class=\"wpb_column vc_column_container vc_col-sm-12\"><div class=\"vc_column-inner vc_custom_1540527888195\"><div class=\"wpb_wrapper\"><div class=\"vc_row wpb_row vc_inner vc_row-fluid vc_row-o-content-middle vc_row-flex\"><div class=\"wpb_column vc_column_container vc_col-sm-6 wpb_animate_when_almost_visible wpb_fadeInLeft fadeInLeft rm-padding-lg\"><div class=\"vc_column-inner vc_custom_1541254477998\"><div class=\"wpb_wrapper\"><div id=\"ct-heading-16\" class=\"ct-heading align-left align-left-md align-left-sm align-left-xs \">\n            <style type=\"text\/css\">\n            @media (min-width: 991px) and (max-width: 1200px) {\n                #ct-heading-16 .ct-heading-tag {\n                                            font-size: 32px !important;\n                                                        }\n            }\n        <\/style>\n    \n            <style type=\"text\/css\">\n            @media (min-width: 768px) and (max-width: 991px) {\n                #ct-heading-16 .ct-heading-tag {\n                                            font-size: 32px !important;\n                                                        }\n            }\n        <\/style>\n    \n            <style type=\"text\/css\">\n            @media screen and (max-width: 767px) {\n                #ct-heading-16 .ct-heading-tag {\n                                            font-size: 32px !important;\n                                                        }\n            }\n        <\/style>\n                <h3 class=\"ct-heading-tag \" style=\"margin-bottom:18px;font-size:32px; \">\n                                    Contacto<br \/>\n<cite>Mallorca, Espa\u00f1a<\/cite>                                        <\/h3>\n            <div class=\"h-gap\"><i ><\/i><\/div>\n        <\/div>\n\t<div class=\"wpb_raw_code wpb_content_element wpb_raw_html vc_custom_1605176969864\" >\n\t\t<div class=\"wpb_wrapper\">\n\t\t\t<div class=\"contact-info\">\n<a href=\"mailto:info@sandymercadal.com\">info@sandymercadal.com<\/a><br> \n<a href=\"tel:+34635596524\">+34 635 59 65 24<\/a>\n<\/div>\n\t\t<\/div>\n\t<\/div>\n\n\t<div class=\"wpb_text_column wpb_content_element \" >\n\t\t<div class=\"wpb_wrapper\">\n\t\t\t<blockquote>\n<p><span style=\"font-weight: 400;\">Un sistema nervioso que no es desafiado jam\u00e1s crece.<\/span><\/p>\n<\/blockquote>\n\n\t\t<\/div>\n\t<\/div>\n<\/div><\/div><\/div><div class=\"wpb_column vc_column_container vc_col-sm-6 wpb_animate_when_almost_visible wpb_fadeInRight fadeInRight\"><div class=\"vc_column-inner\"><div class=\"wpb_wrapper\">\n\t<div class=\"wpb_text_column wpb_content_element  vc_custom_1607165828903 ft-heebo\" >\n\t\t<div class=\"wpb_wrapper\">\n\t\t\t<h3><span style=\"font-weight: 400;\">\u00a1Quiero NEUROrevolucionar mis entrenamientos!<\/span><\/h3>\n\n\t\t<\/div>\n\t<\/div>\n<div class=\"vc_empty_space\"   style=\"height: 16px\"><span class=\"vc_empty_space_inner\"><\/span><\/div>    <div class=\"ct-contact-form-default  \">\n        <div class=\"ct-contact-form-inner\">\n            \n<div class=\"wpcf7 no-js\" id=\"wpcf7-f185-o1\" lang=\"en-US\" dir=\"ltr\" data-wpcf7-id=\"185\">\n<div class=\"screen-reader-response\"><p role=\"status\" aria-live=\"polite\" aria-atomic=\"true\"><\/p> <ul><\/ul><\/div>\n<form action=\"\/es\/wp-json\/wp\/v2\/pages\/1322#wpcf7-f185-o1\" method=\"post\" class=\"wpcf7-form init\" aria-label=\"Contact form\" novalidate=\"novalidate\" data-status=\"init\">\n<fieldset class=\"hidden-fields-container\"><input type=\"hidden\" name=\"_wpcf7\" value=\"185\" \/><input type=\"hidden\" name=\"_wpcf7_version\" value=\"6.1.5\" \/><input type=\"hidden\" name=\"_wpcf7_locale\" value=\"en_US\" \/><input type=\"hidden\" name=\"_wpcf7_unit_tag\" value=\"wpcf7-f185-o1\" \/><input type=\"hidden\" name=\"_wpcf7_container_post\" value=\"0\" \/><input type=\"hidden\" name=\"_wpcf7_posted_data_hash\" value=\"\" \/><input type=\"hidden\" name=\"_wpcf7_recaptcha_response\" value=\"\" \/>\n<\/fieldset>\n<div class=\"input-filled\">\n\t<p><span class=\"wpcf7-form-control-wrap\" data-name=\"your-name\"><input size=\"40\" maxlength=\"400\" class=\"wpcf7-form-control wpcf7-text wpcf7-validates-as-required\" aria-required=\"true\" aria-invalid=\"false\" placeholder=\"Nombre y apellidos\" value=\"\" type=\"text\" name=\"your-name\" \/><\/span>\n\t<\/p>\n<\/div>\n<div class=\"input-filled\">\n\t<p><span class=\"wpcf7-form-control-wrap\" data-name=\"your-email\"><input size=\"40\" maxlength=\"400\" class=\"wpcf7-form-control wpcf7-email wpcf7-validates-as-required wpcf7-text wpcf7-validates-as-email\" aria-required=\"true\" aria-invalid=\"false\" placeholder=\"Email\" value=\"\" type=\"email\" name=\"your-email\" \/><\/span>\n\t<\/p>\n<\/div>\n<div class=\"input-filled\">\n\t<p><span class=\"wpcf7-form-control-wrap\" data-name=\"your-phone\"><input size=\"40\" maxlength=\"400\" class=\"wpcf7-form-control wpcf7-tel wpcf7-validates-as-required wpcf7-text wpcf7-validates-as-tel\" aria-required=\"true\" aria-invalid=\"false\" placeholder=\"Tel\u00e9fono\" value=\"\" type=\"tel\" name=\"your-phone\" \/><\/span>\n\t<\/p>\n<\/div>\n<div class=\"input-filled\">\n\t<p><span class=\"wpcf7-form-control-wrap\" data-name=\"your-type-consultation\"><input size=\"40\" maxlength=\"400\" class=\"wpcf7-form-control wpcf7-text wpcf7-validates-as-required\" aria-required=\"true\" aria-invalid=\"false\" placeholder=\"Tipo consulta\" value=\"\" type=\"text\" name=\"your-type-consultation\" \/><\/span>\n\t<\/p>\n<\/div>\n<div class=\"input-filled\">\n\t<p><span class=\"wpcf7-form-control-wrap\" data-name=\"your-subject\"><input size=\"40\" maxlength=\"400\" class=\"wpcf7-form-control wpcf7-text wpcf7-validates-as-required\" aria-required=\"true\" aria-invalid=\"false\" placeholder=\"Asunto\" value=\"\" type=\"text\" name=\"your-subject\" \/><\/span>\n\t<\/p>\n<\/div>\n<div class=\"input-filled\">\n\t<p><span class=\"wpcf7-form-control-wrap\" data-name=\"your-message\"><textarea cols=\"40\" rows=\"10\" maxlength=\"2000\" class=\"wpcf7-form-control wpcf7-textarea wpcf7-validates-as-required\" aria-required=\"true\" aria-invalid=\"false\" placeholder=\"Mensaje\" name=\"your-message\"><\/textarea><\/span>\n\t<\/p>\n<\/div>\n<p><input class=\"wpcf7-form-control wpcf7-submit has-spinner btn\" type=\"submit\" value=\"Enviar mensaje\" \/>\n<\/p><div class=\"wpcf7-response-output\" aria-hidden=\"true\"><\/div>\n<\/form>\n<\/div>\n        <\/div>\n    <\/div>\n<\/div><\/div><\/div><\/div><\/div><\/div><\/div><\/div><div class=\"vc_row-full-width vc_clearfix\"><\/div>\n","protected":false},"excerpt":{"rendered":"\u00bfQui\u00e9n soy? \u00bfQui\u00e9n soy? Un poco sobre mi historia... El deporte en las venas Desde que me pude apuntar a actividades extra escolares he practicado deporte. Fue despu\u00e9s de una intervenci\u00f3n quir\u00fargica en las manos cuando mis padres decidieron introducirme en el mundo del tenis. Alcanc\u00e9 un buen nivel y en mi preadolescencia cambi\u00e9 la [...]","protected":false},"author":1,"featured_media":0,"parent":0,"menu_order":0,"comment_status":"closed","ping_status":"closed","template":"","meta":{"footnotes":""},"class_list":["post-1322","page","type-page","status-publish","hentry"],"yoast_head":"<!-- This site is optimized with the Yoast SEO plugin v27.1.1 - https:\/\/yoast.com\/product\/yoast-seo-wordpress\/ -->\n<title>Dolor de rodilla - Sandy Mercadal<\/title>\n<meta name=\"robots\" content=\"index, follow, max-snippet:-1, max-image-preview:large, max-video-preview:-1\" \/>\n<link rel=\"canonical\" href=\"https:\/\/sandymercadal.com\/es\/dolor-de-rodilla\/\" \/>\n<meta property=\"og:locale\" content=\"es_ES\" \/>\n<meta property=\"og:type\" content=\"article\" \/>\n<meta property=\"og:title\" content=\"Dolor de rodilla - Sandy Mercadal\" \/>\n<meta property=\"og:url\" content=\"https:\/\/sandymercadal.com\/es\/dolor-de-rodilla\/\" \/>\n<meta property=\"og:site_name\" content=\"Sandy Mercadal\" \/>\n<meta property=\"article:publisher\" content=\"https:\/\/www.facebook.com\/SandyNeuroMovement\" \/>\n<meta name=\"twitter:card\" content=\"summary_large_image\" \/>\n<meta name=\"twitter:label1\" content=\"Tiempo de lectura\" \/>\n\t<meta name=\"twitter:data1\" content=\"8 minutos\" \/>\n<script type=\"application\/ld+json\" class=\"yoast-schema-graph\">{\"@context\":\"https:\/\/schema.org\",\"@graph\":[{\"@type\":\"WebPage\",\"@id\":\"https:\/\/sandymercadal.com\/dolor-de-rodilla\/\",\"url\":\"https:\/\/sandymercadal.com\/dolor-de-rodilla\/\",\"name\":\"Dolor de rodilla - Sandy Mercadal\",\"isPartOf\":{\"@id\":\"https:\/\/sandymercadal.com\/es\/#website\"},\"datePublished\":\"2026-03-17T07:38:45+00:00\",\"breadcrumb\":{\"@id\":\"https:\/\/sandymercadal.com\/dolor-de-rodilla\/#breadcrumb\"},\"inLanguage\":\"es\",\"potentialAction\":[{\"@type\":\"ReadAction\",\"target\":[\"https:\/\/sandymercadal.com\/dolor-de-rodilla\/\"]}]},{\"@type\":\"BreadcrumbList\",\"@id\":\"https:\/\/sandymercadal.com\/dolor-de-rodilla\/#breadcrumb\",\"itemListElement\":[{\"@type\":\"ListItem\",\"position\":1,\"name\":\"Portada\",\"item\":\"https:\/\/sandymercadal.com\/\"},{\"@type\":\"ListItem\",\"position\":2,\"name\":\"Dolor de rodilla\"}]},{\"@type\":\"WebSite\",\"@id\":\"https:\/\/sandymercadal.com\/es\/#website\",\"url\":\"https:\/\/sandymercadal.com\/es\/\",\"name\":\"Sandy Mercadal\",\"description\":\"Neurotraining Sport\",\"publisher\":{\"@id\":\"https:\/\/sandymercadal.com\/es\/#organization\"},\"potentialAction\":[{\"@type\":\"SearchAction\",\"target\":{\"@type\":\"EntryPoint\",\"urlTemplate\":\"https:\/\/sandymercadal.com\/es\/?s={search_term_string}\"},\"query-input\":{\"@type\":\"PropertyValueSpecification\",\"valueRequired\":true,\"valueName\":\"search_term_string\"}}],\"inLanguage\":\"es\"},{\"@type\":\"Organization\",\"@id\":\"https:\/\/sandymercadal.com\/es\/#organization\",\"name\":\"Sandy Mercadal\",\"url\":\"https:\/\/sandymercadal.com\/es\/\",\"logo\":{\"@type\":\"ImageObject\",\"inLanguage\":\"es\",\"@id\":\"https:\/\/sandymercadal.com\/es\/#\/schema\/logo\/image\/\",\"url\":\"https:\/\/sandymercadal.com\/wp-content\/uploads\/2020\/11\/logo-sandymercadal-neurotraining-sport.png\",\"contentUrl\":\"https:\/\/sandymercadal.com\/wp-content\/uploads\/2020\/11\/logo-sandymercadal-neurotraining-sport.png\",\"width\":300,\"height\":50,\"caption\":\"Sandy Mercadal\"},\"image\":{\"@id\":\"https:\/\/sandymercadal.com\/es\/#\/schema\/logo\/image\/\"},\"sameAs\":[\"https:\/\/www.facebook.com\/SandyNeuroMovement\",\"https:\/\/www.instagram.com\/sandy.neurotraining\/\"]}]}<\/script>\n<!-- \/ Yoast SEO plugin. -->","yoast_head_json":{"title":"Dolor de rodilla - Sandy Mercadal","robots":{"index":"index","follow":"follow","max-snippet":"max-snippet:-1","max-image-preview":"max-image-preview:large","max-video-preview":"max-video-preview:-1"},"canonical":"https:\/\/sandymercadal.com\/es\/dolor-de-rodilla\/","og_locale":"es_ES","og_type":"article","og_title":"Dolor de rodilla - Sandy Mercadal","og_url":"https:\/\/sandymercadal.com\/es\/dolor-de-rodilla\/","og_site_name":"Sandy Mercadal","article_publisher":"https:\/\/www.facebook.com\/SandyNeuroMovement","twitter_card":"summary_large_image","twitter_misc":{"Tiempo de lectura":"8 minutos"},"schema":{"@context":"https:\/\/schema.org","@graph":[{"@type":"WebPage","@id":"https:\/\/sandymercadal.com\/dolor-de-rodilla\/","url":"https:\/\/sandymercadal.com\/dolor-de-rodilla\/","name":"Dolor de rodilla - Sandy Mercadal","isPartOf":{"@id":"https:\/\/sandymercadal.com\/es\/#website"},"datePublished":"2026-03-17T07:38:45+00:00","breadcrumb":{"@id":"https:\/\/sandymercadal.com\/dolor-de-rodilla\/#breadcrumb"},"inLanguage":"es","potentialAction":[{"@type":"ReadAction","target":["https:\/\/sandymercadal.com\/dolor-de-rodilla\/"]}]},{"@type":"BreadcrumbList","@id":"https:\/\/sandymercadal.com\/dolor-de-rodilla\/#breadcrumb","itemListElement":[{"@type":"ListItem","position":1,"name":"Portada","item":"https:\/\/sandymercadal.com\/"},{"@type":"ListItem","position":2,"name":"Dolor de rodilla"}]},{"@type":"WebSite","@id":"https:\/\/sandymercadal.com\/es\/#website","url":"https:\/\/sandymercadal.com\/es\/","name":"Sandy Mercadal","description":"Neurotraining Sport","publisher":{"@id":"https:\/\/sandymercadal.com\/es\/#organization"},"potentialAction":[{"@type":"SearchAction","target":{"@type":"EntryPoint","urlTemplate":"https:\/\/sandymercadal.com\/es\/?s={search_term_string}"},"query-input":{"@type":"PropertyValueSpecification","valueRequired":true,"valueName":"search_term_string"}}],"inLanguage":"es"},{"@type":"Organization","@id":"https:\/\/sandymercadal.com\/es\/#organization","name":"Sandy Mercadal","url":"https:\/\/sandymercadal.com\/es\/","logo":{"@type":"ImageObject","inLanguage":"es","@id":"https:\/\/sandymercadal.com\/es\/#\/schema\/logo\/image\/","url":"https:\/\/sandymercadal.com\/wp-content\/uploads\/2020\/11\/logo-sandymercadal-neurotraining-sport.png","contentUrl":"https:\/\/sandymercadal.com\/wp-content\/uploads\/2020\/11\/logo-sandymercadal-neurotraining-sport.png","width":300,"height":50,"caption":"Sandy Mercadal"},"image":{"@id":"https:\/\/sandymercadal.com\/es\/#\/schema\/logo\/image\/"},"sameAs":["https:\/\/www.facebook.com\/SandyNeuroMovement","https:\/\/www.instagram.com\/sandy.neurotraining\/"]}]}},"_links":{"self":[{"href":"https:\/\/sandymercadal.com\/es\/wp-json\/wp\/v2\/pages\/1322","targetHints":{"allow":["GET"]}}],"collection":[{"href":"https:\/\/sandymercadal.com\/es\/wp-json\/wp\/v2\/pages"}],"about":[{"href":"https:\/\/sandymercadal.com\/es\/wp-json\/wp\/v2\/types\/page"}],"author":[{"embeddable":true,"href":"https:\/\/sandymercadal.com\/es\/wp-json\/wp\/v2\/users\/1"}],"replies":[{"embeddable":true,"href":"https:\/\/sandymercadal.com\/es\/wp-json\/wp\/v2\/comments?post=1322"}],"version-history":[{"count":1,"href":"https:\/\/sandymercadal.com\/es\/wp-json\/wp\/v2\/pages\/1322\/revisions"}],"predecessor-version":[{"id":1323,"href":"https:\/\/sandymercadal.com\/es\/wp-json\/wp\/v2\/pages\/1322\/revisions\/1323"}],"wp:attachment":[{"href":"https:\/\/sandymercadal.com\/es\/wp-json\/wp\/v2\/media?parent=1322"}],"curies":[{"name":"wp","href":"https:\/\/api.w.org\/{rel}","templated":true}]}}